{"id":13640,"date":"2018-10-25T15:11:08","date_gmt":"2018-10-25T15:11:08","guid":{"rendered":"https:\/\/cocinahermanostorres.com\/politica-privacidad\/"},"modified":"2022-04-04T16:40:04","modified_gmt":"2022-04-04T16:40:04","slug":"politica-privacitat","status":"publish","type":"page","link":"https:\/\/cocinahermanostorres.com\/ca\/politica-privacitat\/","title":{"rendered":"Pol\u00edtica de privacitat"},"content":{"rendered":"<p><strong>1) INFORMACI\u00d3 DEL TITULAR<\/strong><\/p>\n<p>En compliment de l&#8217;article 10 de la Llei 34\/2002, d&#8217;11 de juliol, de Serveis de la Societat de la Informaci\u00f3 i Comer\u00e7 Electr\u00f2nic, a continuaci\u00f3, s&#8217;exposen les dades identificatives del Titular:<\/p>\n<p>&nbsp;<\/p>\n<p style=\"padding-left: 60px;\"><strong>WEB:<\/strong> https:\/\/www.cocinahermanostorres.com\/<\/p>\n<p style=\"padding-left: 60px;\"><strong>Titular:<\/strong> RESTAURANT COCINA-DUES Barcelona, S.L<\/p>\n<p style=\"padding-left: 60px;\"><strong>Domicili:<\/strong> C\/ Taquigraf Serra 20, 08029 Barcelona<\/p>\n<p style=\"padding-left: 60px;\"><strong>C.I.F:<\/strong> B66998824<\/p>\n<p style=\"padding-left: 60px;\"><strong>Tel\u00e8fon:<\/strong> +34 93. 410. 00. 20<\/p>\n<p style=\"padding-left: 60px;\"><strong>Correu electronico:<\/strong> reservas@cocinahermanostorres.com<\/p>\n<p style=\"padding-left: 60px;\"><strong>N\u00famero Registre Mercantil:<\/strong> Tom : 45904 | Foli : 151 | Fulla Registral : 502617<\/p>\n<p>&nbsp;<\/p>\n<p><strong>2) CONDICIONS D&#8217;ACC\u00c9S I \u00daS<\/strong><\/p>\n<p>Qualsevol persona que accedeixi a la Web de COCINA HERMANOS TORRES t\u00e9 la consideraci\u00f3 d&#8217;Usuari. L&#8217;Usuari es compromet a utilitzar la p\u00e0gina Web i aquells serveis posats a la seva disposici\u00f3 a trav\u00e9s d&#8217;aquesta, de manera concorde a la Llei, moral, bons costums i ordre p\u00fablic, aix\u00ed com amb el que es disposa en el present clausulat. En conseq\u00fc\u00e8ncia, queda obligat a no utilitzar la Web amb finalitats o efectes il\u00b7l\u00edcits i\/o contraris al que s&#8217;estableix, lesius de drets i\/o interessos de tercers o que, de qualsevol forma, puguin danyar la Web o impedir el seu normal \u00fas, o dels serveis accessibles a trav\u00e9s d&#8217;aquesta. La utilitzaci\u00f3 de la Web i\/o dels seus Serveis, suposar\u00e0 l&#8217;acceptaci\u00f3 plena i sense reserves, i la validesa, de totes i cadascuna de les cl\u00e0usules recollides en l&#8217;\u00faltima versi\u00f3 actualitzada d&#8217;aquest Av\u00eds Legal, per la qual cosa l&#8217;Usuari haur\u00e0 de ser conscient de la import\u00e0ncia de llegir-les cada vegada que visiti la Web.<\/p>\n<p>&nbsp;<\/p>\n<p><strong>3) PROPIETAT INTEL\u00b7LECTUAL<\/strong><\/p>\n<p>A l&#8217;efecte de preservar els possibles drets de propietat intel\u00b7lectual, en el cas que qualsevol usuari\/a o un tercer\/a consideri que s&#8217;ha produ\u00eft una violaci\u00f3 dels seus leg\u00edtims drets per la introducci\u00f3 d&#8217;un determinat contingut en el Web, haur\u00e0 de notificar aquesta circumst\u00e0ncia a COCINA HERMANOS TORRES indicant:<\/p>\n<ul>\n<li>Dades personals de la persona interessada titular dels drets presumptament infringits. Si la reclamaci\u00f3 la presenta un tercer\/a diferent de la persona interessada, haur\u00e0 d&#8217;indicar la representaci\u00f3 amb la qual actua.<\/li>\n<li>Indicaci\u00f3 dels continguts protegits pels drets de propietat intel\u00b7lectual i la seva ubicaci\u00f3 en el Web.<\/li>\n<li>Acreditaci\u00f3 dels citats drets de propietat intel\u00b7lectual.<\/li>\n<li>Declaraci\u00f3 expressa en la qual l&#8217;interessat es responsabilitza de la veracitat de les informacions facilitades en la notificaci\u00f3.<\/li>\n<\/ul>\n<p>La marca COCINA HERMANOS TORRES i la corresponent marca gr\u00e0fica \u00e9s marca registrada i queda prohibida la seva reproducci\u00f3 o \u00fas sense l&#8217;autoritzaci\u00f3 del seu titular. Igualment qualsevol una altra marca del COCINA HERMANOS TORRES que aparegui en els llocs web detallats en l&#8217;apartat 1 d&#8217;aquest av\u00eds.<br \/>\nLa legitimitat dels drets de propietat intel\u00b7lectual o industrial corresponents als continguts aportats per tercers\/as \u00e9s de l&#8217;exclusiva responsabilitat d&#8217;els\/les mateixos\/as.<\/p>\n<p><strong> <\/strong><\/p>\n<p><strong>4) POL\u00cdTICA DE PRIVACITAT.<\/strong><\/p>\n<p><strong>COCINA HERMANOS TORRES <\/strong>es compromet a protegir la privacitat dels usuaris que accedeixin a aquesta web i\/o qualsevol dels seus serveis. La utilitzaci\u00f3 de la web i\/o qualsevol dels serveis oferts per <strong>COCINA HERMANOS TORRES<\/strong>, implica l&#8217;acceptaci\u00f3 per part de l&#8217;usuari de les disposicions contingudes en la present Pol\u00edtica de Privacitat i que les seves dades personals siguin tractats segons s&#8217;estipula. Si us plau, tingui en compte que, encara que pugui haver-hi enlla\u00e7os de la nostra web a altres webs, aquesta Pol\u00edtica de Privacitat no s&#8217;aplica a altres companyies o organitzacions a les quals la web estigui redirigida. <strong>COCINA HERMANOS TORRES <\/strong>controla el contingut de les webs de tercers ni accepta cap mena de responsabilitat pel contingut o les pol\u00edtiques de privacitat d&#8217;aquests llocs web.<\/p>\n<p>&nbsp;<\/p>\n<p><strong>5) Q\u00dcESTIONS SOBRE PRIVACITAT <\/strong><\/p>\n<p>En compliment del Reglament (UE) 2016\/679 del Parlament Europeu i del Consell, de 27 d&#8217;abril de 2016, (RGPD) i de la Llei org\u00e0nica 3\/2018, de 5 de desembre, de Protecci\u00f3 de Dades Personals i garantia de drets digitals, li oferim la seg\u00fcent informaci\u00f3 sobre el tractament de les dades personals que vost\u00e8 pugui facilitar-nos:<\/p>\n<ul>\n<li><strong>Qui \u00e9s el responsable del tractament de les seves dades?<\/strong><\/li>\n<\/ul>\n<p><strong>COCINA HERMANOS TORRES <\/strong><\/p>\n<p>Les nostres dades es troben en la part superior d&#8217;aquest av\u00eds legal.<\/p>\n<p>&nbsp;<\/p>\n<ul>\n<li>Tractem la informaci\u00f3 que se&#8217;ns facilita per a prestar i facturar els nostres serveis i productes.<\/li>\n<li>Si ens dona el seu consentiment tamb\u00e9 podem tractar les seves dades per a enviar-li informaci\u00f3 sobre productes, serveis o activitats.<\/li>\n<\/ul>\n<p>&nbsp;<\/p>\n<ul>\n<li><strong>Durant quant temps conservarem les seves dades?<\/strong><\/li>\n<\/ul>\n<p>Les dades personals proporcionades es conservaran durant el temps estrictament necessari. \u00c9s a dir, mentre sigui usuari dels nostres serveis o vulgui continuar rebent informaci\u00f3.<\/p>\n<p>&nbsp;<\/p>\n<p>&nbsp;<\/p>\n<ul>\n<li><strong>Quina legitimaci\u00f3 tenim per a poder tractar les seves dades?<\/strong><\/li>\n<\/ul>\n<ol>\n<li>La base de la legitimaci\u00f3 del tractament de Dades Personals ser\u00e0 la que resulti de la <u>relaci\u00f3 contractual o precontractual<\/u>, la laboral o qualsevol altra que es requereixi per al tractament de dades, com ara <u> el consentiment expr\u00e9s<\/u>.<\/li>\n<\/ol>\n<p>&nbsp;<\/p>\n<p>(Menors de 14 anys) S&#8217;entendr\u00e0 que la informaci\u00f3 enviada per menors de 14 anys ho ha estat pel consentiment dels seus representants legals. De no ser aix\u00ed el\/la representant legal deur\u00e0 informeu-vos-el quan sigui possible.<\/p>\n<p>&nbsp;<\/p>\n<ol start=\"2\">\n<li><u>Compliment amb les lleis aplicables o execuci\u00f3 d&#8217;un contracte<\/u>. En circumst\u00e0ncies espec\u00edfiques, \u00e9s possible que necessitem processar les seves dades personals per a complir amb una llei \/ regulaci\u00f3 rellevant, o per a complir amb les nostres obligacions en virtut d&#8217;un contracte al qual est\u00e0 subjecte.<\/li>\n<\/ol>\n<p>&nbsp;<\/p>\n<p>&nbsp;<\/p>\n<ul>\n<li><strong>A qui comunicarem les seves dades?<\/strong><\/li>\n<\/ul>\n<p>Les dades no seran comunicats a tercers, tret que ho exigeixi una llei o sigui necessari per a complir amb la finalitat del tractament.<\/p>\n<p>&nbsp;<\/p>\n<ul>\n<li><strong>Quins drets t\u00e9 l&#8217;usuari i com exercir-los?<\/strong><\/li>\n<\/ul>\n<p>&nbsp;<\/p>\n<ul>\n<li>Qualsevol persona t\u00e9 dret a obtenir confirmaci\u00f3 sobre si estem tractant o no les seves dades personals.<\/li>\n<li>Tamb\u00e9 tenen dret a retirar el consentiment prestat anteriorment.<\/li>\n<li>Les persones interessades tenen dret a accedir a les seves dades personals, aix\u00ed com a sol\u00b7licitar la rectificaci\u00f3 de les dades inexactes o sol\u00b7licitar la supressi\u00f3 dels mateixos quan, entre altres motius, les dades ja no siguin necessaris per a les finalitats per a les quals es van recaptar.<\/li>\n<li>En determinades circumst\u00e0ncies els personis interessades podran sol\u00b7licitar la limitaci\u00f3 del tractament de les seves dades, en aquest cas \u00fanicament els conservarem per a l&#8217;exercici o la defensa de reclamacions.<\/li>\n<li>En determinades circumst\u00e0ncies i per motius relacionats amb la seva situaci\u00f3 particular, el\/la interessat\/a podr\u00e0 oposar-se al tractament de les seves dades. En aquest cas deixarem de tractar-los, excepte per motius leg\u00edtims imperiosos o per a l&#8217;exercici o la defensa de possibles reclamacions.<\/li>\n<li>Les persones interessades tamb\u00e9 tenen dret a la portabilitat de les seves dades.<\/li>\n<li>Finalment, els\/les interessats\/as tenen dret a presentar una reclamaci\u00f3 davant l&#8217;Autoritat de Control competent.<\/li>\n<\/ul>\n<p>&nbsp;<\/p>\n<p>Pot exercir els drets anteriors enviant-nos un escrit adjuntant una c\u00f2pia d&#8217;un document que l&#8217;identifiqui al nostre domicili o correu electr\u00f2nic (que apareixen al principi del present Av\u00eds Legal.<\/p>\n<p>&nbsp;<\/p>\n<ul>\n<li><strong>Com hem obtingut les seves dades?<\/strong><\/li>\n<\/ul>\n<p>Les dades personals que tractem procedeixen del propi interessat, qui garanteix que les dades facilitades s\u00f3n certs i es fa responsable de comunicar-nos qualsevol modificaci\u00f3 d&#8217;aquestes. Les dades que estiguin marcats amb un asterisc s\u00f3n obligatoris per a poder donar-li el servei sol\u00b7licitat.<\/p>\n<p>&nbsp;<\/p>\n<ul>\n<li><strong>Quines dades tractem?<\/strong><\/li>\n<\/ul>\n<p>Les dades que tractem oscil\u00b7len entre les seg\u00fcents categories:<\/p>\n<ul>\n<li>Dades de car\u00e0cter identificatiu.<\/li>\n<li>Adreces postals o electr\u00f2niques.<\/li>\n<li>Altres dades sol\u00b7licitades en els nostres formularis.<\/li>\n<\/ul>\n<p>Les dades s\u00f3n limitades, at\u00e8s que \u00fanicament tractem les dades necess\u00e0ries per a la prestaci\u00f3 dels nostres serveis i la gesti\u00f3 de la nostra activitat.<\/p>\n<p>&nbsp;<\/p>\n<ul>\n<li><strong>Amb quina finalitat tractem les seves dades?<\/strong><\/li>\n<\/ul>\n<p>Detallem a continuaci\u00f3 les finalitats dels tractaments de dades dutes a terme per algun o tots dels Responsables de Tractament enumerats anteriorment:<\/p>\n<p>&nbsp;<\/p>\n<ul>\n<li>GESTION DE CLIENTS: Poder prestar els serveis contractats dins d&#8217;activitat natural de cada empresa i facturar els mateixos. Les dades proporcionades es conservaran mentre es mantingui la relaci\u00f3 comercial o durant els anys necessaris per a complir amb les obligacions legals.<\/li>\n<li>GESTION DE PRESSUPOSTOS: Poder enviar a possibles clients pressuposats de serveis i\/o productes. Les dades proporcionades es conservaran mentre no sol\u00b7liciti el cessament d&#8217;aquest tractament.<\/li>\n<li>GESTION DE POSSIBLES CLIENTS: Poder enviar a persones amb inter\u00e8s leg\u00edtim informaci\u00f3 relacionada amb els nostres productes i serveis per qualsevol mitj\u00e0 disponible, i convidar-los a esdeveniments del seu inter\u00e8s. Les dades proporcionades es conservaran mentre no sol\u00b7liciti el cessament d&#8217;aquest tractament i seran recaptats previ consentiment expr\u00e9s.<\/li>\n<li>SELECCI\u00d3 DE PERSONAL: Poder gestionar tots aquells curr\u00edculum i altres informacions aportades per candidats a un lloc de treball i el de mantenir-los informats de les diferents vacants a un lloc de treball que es produeixin en la nostra organitzaci\u00f3 i\/o clients que contracten el servei de selecci\u00f3 de personal. Les dades proporcionades es conservaran fins a l&#8217;adjudicaci\u00f3 d&#8217;un lloc de treball o fins que s&#8217;exerceixi el dret de cancel\u00b7laci\u00f3 sobre aquest tractament (aquest termini no superar\u00e0 un any). En tot moment el candidat pot oposar-se o limitar l&#8217;abast del tractament de les seves dades.<\/li>\n<li>RELACIONS AMB PROVE\u00cfDORS: Poder realitzar comandes i pagament dels serveis. Les dades proporcionades es conservaran mentre es mantingui la relaci\u00f3 comercial o durant els anys necessaris per a complir amb les obligacions legals.<\/li>\n<li>GESTION DE PROJECTES: Per a poder prestar correctament els serveis contractats, \u00e9s necessari el poder gestionar aquells projectes i documentacions necess\u00e0ries dins d&#8217;aquests serveis. Les dades proporcionades es conservaran mentre es mantingui la relaci\u00f3 comercial o durant els anys necessaris per a complir amb les obligacions legals.<\/li>\n<li>ORGANITZACI\u00d3 D&#8217;ESDEVENIMENTS: Poder organitzar esdeveniments (cursos, xerrades, concursos i altres activitats de difusi\u00f3) per part de qualsevol dels Responsables del Tractament. Les dades proporcionades es conservaran mentre no sol\u00b7liciti el cessament de l&#8217;activitat o durant els anys necessaris per a la justificaci\u00f3 de l&#8217;activitat.<\/li>\n<li>MAILING D&#8217;OFERTES: Si vost\u00e8 \u00e9s client de COCINA HERMANOS TORRES i t\u00e9 aplicada la pol\u00edtica d&#8217;ofertes, rebr\u00e0 peri\u00f2dicament a l&#8217;inici de cada promoci\u00f3 un email publicitari indicant-li quins seran els productes oferts i els seus preus, a m\u00e9s d&#8217;un enlla\u00e7 en el qual podr\u00e0 descarregar-se les mateixes per a promocionar-lo vost\u00e8 mateix si ho desitja.<\/li>\n<\/ul>\n<p>&nbsp;<\/p>\n<p><strong>6) QUINES MESURES DE SEGURETAT APLIQUEM?<\/strong><\/p>\n<p>Apliquem les mesures de seguretat establertes en l&#8217;article 32 del RGPD, per tant, hem adoptat les mesures de seguretat necess\u00e0ries per a garantir un nivell de seguretat adequat al risc del tractament de les dades que realitzem, amb mecanismes que ens permeten garantir la confidencialitat, integritat, disponibilitat i resili\u00e8ncia permanent dels sistemes i serveis de tractament.<\/p>\n<p>Algunes d&#8217;aquestes mesures s\u00f3n:<\/p>\n<ul>\n<li>Informaci\u00f3 de les pol\u00edtiques de tractament de les dades al personal.<\/li>\n<li>Realitzaci\u00f3 de c\u00f2pies de seguretat peri\u00f2diques.<\/li>\n<li>Control d&#8217;acc\u00e9s a les dades.<\/li>\n<li>Processos de verificaci\u00f3, avaluaci\u00f3 i valoraci\u00f3 regulars.<\/li>\n<\/ul>\n<p>&nbsp;<\/p>\n<p><strong>7) EXCLUSI\u00d3 DE RESPONSABILITAT<\/strong><\/p>\n<p><strong>COCINA HERMANOS TORRES <\/strong>amb la m\u00e0xima dilig\u00e8ncia possible perqu\u00e8 les dades i la informaci\u00f3 que ofereix en el seu lloc web estigui actualitzada en tot moment. No garanteix ni es fa responsable l&#8217;exactitud i actualitzaci\u00f3 dels continguts del lloc web, reservant-se el dret a modificar aquests continguts en qualsevol moment. <strong>COCINA HERMANOS TORRES <\/strong>tampoc ser\u00e0 responsable de la informaci\u00f3 que es pugui obtenir a trav\u00e9s d&#8217;enlla\u00e7os inclosos en el lloc web.<\/p>\n<p>Les relacions comercials entre clients es regiran per les condicions generals que, si fos necessari, s&#8217;establirien per <strong>COCINA HERMANOS TORRES<\/strong> en un document espec\u00edfic a aquest efecte, o per als pactes concrets que es puguin recordar amb els clients.<\/p>\n<p><strong> <\/strong><\/p>\n<p><strong>8) POL\u00cdTICA D&#8217;INFORMACI\u00d3 I PUBLICITAT COMERCIAL.<\/strong><\/p>\n<p><strong>COCINA HERMANOS TORRES <\/strong>es compromet a trav\u00e9s d&#8217;aquest mitj\u00e0 a <strong>no realitzar publicitat enganyosa<\/strong>. A aquest efecte, per tant, no seran considerats com a publicitat enganyosa els errors formals o num\u00e8rics que puguin trobar-se al llarg del contingut de les diferents seccions de la Web, produ\u00efts a conseq\u00fc\u00e8ncia d&#8217;un manteniment i\/o actualitzaci\u00f3 incompleta de la informaci\u00f3 continguda en aquestes seccions. <strong>COCINA HERMANOS TORRES,<\/strong> a conseq\u00fc\u00e8ncia del que es disposa en aquest apartat, es compromet a corregir-lo tan aviat com tingui coneixement d&#8217;aquests errors.<\/p>\n<p><strong>COCINA HERMANOS TORRES <\/strong>es compromet a <strong>no remetre comunicacions comercials sense identificar-les com a tals<\/strong>, conforme al que es disposa en la Llei 34\/2002 de Serveis de la Societat de la Informaci\u00f3 i de comer\u00e7 electr\u00f2nic. A aquest efecte no ser\u00e0 considerat com a comunicaci\u00f3 comercial tota la informaci\u00f3 que s&#8217;envi\u00ef als clients de <strong>COCINA HERMANOS TORRES <\/strong>que tingui per finalitat el manteniment de la relaci\u00f3 contractual existent entre client i <strong>COCINA HERMANOS TORRES<\/strong>, aix\u00ed com l&#8217;acompliment de les tasques d&#8217;informaci\u00f3 i altres activitats pr\u00f2pies del servei que el client t\u00e9 contractat.<\/p>\n<p>En el cas de rebre comunicacions per aquests mitjans (correus electr\u00f2nics, missatges de resposta automatitzada de formularis, i altres sistemes de comunicaci\u00f3) l&#8217;informem que els missatges es dirigeixen exclusivament al seu destinatari i pot contenir informaci\u00f3 privilegiada o confidencial. Si no \u00e9s vost\u00e8 el destinatari indicat, queda notificat que la utilitzaci\u00f3, divulgaci\u00f3 i\/o c\u00f2pia sense autoritzaci\u00f3 est\u00e0 prohibida en virtut de la legislaci\u00f3 vigent.<\/p>\n<p>De conformitat amb el que s&#8217;estableix en la Llei 34\/2002 d&#8217;11 de juliol, de Serveis de la Societat de la Informaci\u00f3 i del Comer\u00e7 Electr\u00f2nic, i la Directiva 2002\/58\/CE li comuniquem que en el cas que no desitgi rebre comunicacions i informacions d&#8217;\u00edndole comercial mitjan\u00e7ant aquest sistema de comunicaci\u00f3 electr\u00f2nica, ens l&#8217;indiqui per aquesta mateixa via indicant en l&#8217;assumpte BAIXA COMUNICACIONS perqu\u00e8 les seves dades personals siguin donats de baixa de la nostra base de dades. La seva sol\u00b7licitud ser\u00e0 accionada en un termini de 10 dies des del seu enviament. En el cas que no rebem contestaci\u00f3 expressa per part seva, entendrem que accepta i autoritza que la nostra empresa continu\u00ef realitzant les referides comunicacions.<\/p>\n<p><strong>9) CONDICIONS D&#8217;\u00daS. JURISDICCI\u00d3 I LLEIS APLICABLES.<\/strong><\/p>\n<p>L&#8217;\u00fas d&#8217;aquest lloc web implica l&#8217;acceptaci\u00f3 plena dels termes del present av\u00eds legal.  El present Av\u00eds Legal i totes les relacions que s&#8217;estableixin entre <strong>COCINA HERMANOS TORRES<\/strong>l&#8217;Usuari de la Web i els seus serveis es regiran pel que s&#8217;estableix en la legislaci\u00f3 espanyola.<\/p>\n<p><strong> <\/strong><\/p>\n<p><em>&#8211; \u00daltima revisi\u00f3: juny 2021<\/em><\/p>\n","protected":false},"excerpt":{"rendered":"<p>1) INFORMACI\u00d3 DEL TITULAR En compliment de l&#8217;article 10 de la Llei 34\/2002, d&#8217;11 de juliol, de Serveis de la Societat de la Informaci\u00f3 i Comer\u00e7 Electr\u00f2nic, a continuaci\u00f3, s&#8217;exposen les dades identificatives del Titular: &nbsp; WEB: https:\/\/www.cocinahermanostorres.com\/ Titular: RESTAURANT COCINA-DUES Barcelona, S.L Domicili: C\/ Taquigraf Serra 20, 08029 Barcelona C.I.F: B66998824 Tel\u00e8fon: +34 93. [&hellip;]<\/p>\n","protected":false},"author":1,"featured_media":0,"parent":0,"menu_order":0,"comment_status":"closed","ping_status":"closed","template":"","meta":{"_acf_changed":false,"_monsterinsights_skip_tracking":false,"_monsterinsights_sitenote_active":false,"_monsterinsights_sitenote_note":"","_monsterinsights_sitenote_category":0,"footnotes":""},"class_list":["post-13640","page","type-page","status-publish","hentry"],"acf":[],"_links":{"self":[{"href":"https:\/\/cocinahermanostorres.com\/ca\/wp-json\/wp\/v2\/pages\/13640","targetHints":{"allow":["GET"]}}],"collection":[{"href":"https:\/\/cocinahermanostorres.com\/ca\/wp-json\/wp\/v2\/pages"}],"about":[{"href":"https:\/\/cocinahermanostorres.com\/ca\/wp-json\/wp\/v2\/types\/page"}],"author":[{"embeddable":true,"href":"https:\/\/cocinahermanostorres.com\/ca\/wp-json\/wp\/v2\/users\/1"}],"replies":[{"embeddable":true,"href":"https:\/\/cocinahermanostorres.com\/ca\/wp-json\/wp\/v2\/comments?post=13640"}],"version-history":[{"count":3,"href":"https:\/\/cocinahermanostorres.com\/ca\/wp-json\/wp\/v2\/pages\/13640\/revisions"}],"predecessor-version":[{"id":13643,"href":"https:\/\/cocinahermanostorres.com\/ca\/wp-json\/wp\/v2\/pages\/13640\/revisions\/13643"}],"wp:attachment":[{"href":"https:\/\/cocinahermanostorres.com\/ca\/wp-json\/wp\/v2\/media?parent=13640"}],"curies":[{"name":"wp","href":"https:\/\/api.w.org\/{rel}","templated":true}]}}